{"id":240,"date":"2021-05-19T09:01:08","date_gmt":"2021-05-19T09:01:08","guid":{"rendered":"https:\/\/isoleringsmaskinen.dk\/?page_id=240"},"modified":"2025-09-25T09:23:18","modified_gmt":"2025-09-25T08:23:18","slug":"om-os","status":"publish","type":"page","link":"https:\/\/isoleringsmaskinen.dk\/se\/om-os\/","title":{"rendered":"Om oss"},"content":{"rendered":"<div data-elementor-type=\"wp-page\" data-elementor-id=\"240\" class=\"elementor elementor-240\" data-elementor-post-type=\"page\">\n\t\t\t\t\t\t\t\t\t<section class=\"elementor-section elementor-top-section elementor-element elementor-element-e42620e elementor-section-boxed elementor-section-height-default elementor-section-height-default\" data-id=\"e42620e\" data-element_type=\"section\" data-settings=\"{&quot;background_background&quot;:&quot;classic&quot;}\">\n\t\t\t\t\t\t<div class=\"elementor-container elementor-column-gap-default\">\n\t\t\t\t\t<div class=\"elementor-column elementor-col-100 elementor-top-column elementor-element elementor-element-a9fe1b6\" data-id=\"a9fe1b6\" data-element_type=\"column\">\n\t\t\t<div class=\"elementor-widget-wrap elementor-element-populated\">\n\t\t\t\t\t\t\t\t<div class=\"elementor-element elementor-element-e406363 elementor-widget elementor-widget-heading\" data-id=\"e406363\" data-element_type=\"widget\" data-widget_type=\"heading.default\">\n\t\t\t\t<div class=\"elementor-widget-container\">\n\t\t\t<h1 class=\"elementor-heading-title elementor-size-default\">Om oss - Isoleringsmaskinen A\/S<\/h1>\t\t<\/div>\n\t\t\t\t<\/div>\n\t\t\t\t<div class=\"elementor-element elementor-element-cdbf4a5 elementor-widget elementor-widget-heading\" data-id=\"cdbf4a5\" data-element_type=\"widget\" data-widget_type=\"heading.default\">\n\t\t\t\t<div class=\"elementor-widget-container\">\n\t\t\t<h2 class=\"elementor-heading-title elementor-size-default\">Hur man skapar n\u00e5gra av v\u00e4rldens mest effektiva\nisoleringsmaskiner<\/h2>\t\t<\/div>\n\t\t\t\t<\/div>\n\t\t\t\t<section class=\"elementor-section elementor-inner-section elementor-element elementor-element-6a76701 elementor-section-boxed elementor-section-height-default elementor-section-height-default\" data-id=\"6a76701\" data-element_type=\"section\">\n\t\t\t\t\t\t<div class=\"elementor-container elementor-column-gap-default\">\n\t\t\t\t\t<div class=\"elementor-column elementor-col-33 elementor-inner-column elementor-element elementor-element-ae280e8\" data-id=\"ae280e8\" data-element_type=\"column\">\n\t\t\t<div class=\"elementor-widget-wrap elementor-element-populated\">\n\t\t\t\t\t\t\t\t<div class=\"elementor-element elementor-element-c3ac42a elementor-widget elementor-widget-text-editor\" data-id=\"c3ac42a\" data-element_type=\"widget\" data-widget_type=\"text-editor.default\">\n\t\t\t\t<div class=\"elementor-widget-container\">\n\t\t\t\t\t\t\t<p>\u00c5r 2012 grundades Isoleringsmaskinen ApS av far och son; Lars och Tommy Christiansen. F\u00f6retaget b\u00f6rjade med att importera och s\u00e4lja professionell isoleringsutrustning till danska hantverkare.<\/p><p>\u00c5r 2012 grundades Isoleringsmaskinen ApS av far och son, Lars och Tommy Christiansen. F\u00f6retaget b\u00f6rjade med import och f\u00f6rs\u00e4ljning av professionell isoleringsutrustning till danska hantverkare.<\/p><h3>Dansktillverkade isoleringsmaskiner<\/h3><p>Vi b\u00f6rjade med att utveckla ISOPRO1 1000, den mellersta av v\u00e5ra 4 typer av isoleringsmaskiner.\u00a0<span style=\"background-color: var( --e-global-color-28d7cc8 );\">Med ett starkt fokus p\u00e5 effektivitet, styrka och anv\u00e4ndarv\u00e4nlighet utvecklade vi marknadens mest kraftfulla 230 volts (10 ampere) maskin, ISOPRO1 1000. Sedan dess har det g\u00e5tt riktigt fort. De modeller som nu r\u00e4knas som ISOPRO1<a href=\"https:\/\/isoleringsmaskinen.dk\/se\/isopro\/isopro1-300\/\"> 300<\/a> \/ <a href=\"https:\/\/isoleringsmaskinen.dk\/se\/insulation-machines\/isopro1-1000\/\">1000<\/a> \/ <a href=\"https:\/\/isoleringsmaskinen.dk\/se\/isopro\/isopro1-2800\/\">2800<\/a> och <a href=\"https:\/\/isoleringsmaskinen.dk\/se\/isopro\/isopro1-4000\/\">4000<\/a>\u00e4r alla bepr\u00f6vade och testade f\u00f6r att uppfylla v\u00e5ra bl\u00e5sares behov.<\/span><\/p><p><span style=\"font-size: 13.0pt; line-height: 107%; font-family: Raleway;\">Sedan dess har den ocks\u00e5 blivit den mest effektiva isoleringsdammsugaren p\u00e5 marknaden, <a href=\"https:\/\/isoleringsmaskinen.dk\/se\/isopro\/isopro1-vac\/\">ISOPRO1 VAC<\/a>har sett dagens ljus.\u00a0<\/span><span style=\"background-color: var( --e-global-color-28d7cc8 ); font-family: Raleway; font-size: 13pt;\">Den \u00e4r avsedd f\u00f6r industri och bygg, tillverkas i Sor\u00f8 och \u00e4r\u00a0<\/span><span style=\"font-family: Raleway; font-size: 13pt; background-color: var( --e-global-color-28d7cc8 );\">utvecklad av Isoleringsmaskinen A\/S.\u00a0<\/span><\/p>\t\t\t\t\t\t<\/div>\n\t\t\t\t<\/div>\n\t\t\t\t\t<\/div>\n\t\t<\/div>\n\t\t\t\t<div class=\"elementor-column elementor-col-33 elementor-inner-column elementor-element elementor-element-7412d79\" data-id=\"7412d79\" data-element_type=\"column\">\n\t\t\t<div class=\"elementor-widget-wrap elementor-element-populated\">\n\t\t\t\t\t\t\t\t<div class=\"elementor-element elementor-element-99d824d elementor-widget elementor-widget-text-editor\" data-id=\"99d824d\" data-element_type=\"widget\" data-widget_type=\"text-editor.default\">\n\t\t\t\t<div class=\"elementor-widget-container\">\n\t\t\t\t\t\t\t<p><span style=\"font-family: Raleway; font-size: 13pt; background-color: var( --e-global-color-28d7cc8 );\">Maskinerna utvecklas genom ett fantastiskt lokalt samarbete och samtliga maskiner tillverkas\u00a0<\/span><span style=\"font-family: Raleway; font-size: 13pt; background-color: var( --e-global-color-28d7cc8 );\">i Sor\u00f8, Danmark. Alla delar levereras av danska partners. Detta ger en bra\u00a0<\/span><span style=\"font-family: Raleway; font-size: 13pt; background-color: var( --e-global-color-28d7cc8 );\">F\u00f6rst\u00e5else f\u00f6r varandras kompetenser, deadlines och den gemensamma \u00f6nskan om h\u00f6g kvalitet, enligt h\u00f6ga danska standarder.<\/span><\/p><h4>Kunskap, vilja och dynamiskt samarbete<\/h4><p><span style=\"font-size: 13.0pt; line-height: 107%; font-family: Raleway; mso-fareast-font-family: Calibri; mso-fareast-theme-font: minor-latin; mso-bidi-font-family: 'Times New Roman'; mso-bidi-theme-font: minor-bidi; mso-ansi-language: DA; mso-fareast-language: EN-US; mso-bidi-language: AR-SA;\">P\u00e5 Isoleringsmaskinen l\u00e4gger vi stor vikt vid personlig service och alla maskiner levereras och tas i drift i samarbete med kunden eller dennes anst\u00e4llda.\u00a0\u00a0<\/span><\/p><p><span style=\"font-size: 13.0pt; line-height: 107%; font-family: Raleway; mso-fareast-font-family: Calibri; mso-fareast-theme-font: minor-latin; mso-bidi-font-family: 'Times New Roman'; mso-bidi-theme-font: minor-bidi; mso-ansi-language: DA; mso-fareast-language: EN-US; mso-bidi-language: AR-SA;\">Som kund erbjuds du en kostnadsfri bl\u00e5smaskinsutbildning med certifikat. Vi tillhandah\u00e5ller \u00e4ven utbildning i maskinteknik, anv\u00e4ndning och underh\u00e5ll.<\/span><\/p><p><span style=\"font-size: 13.0pt; line-height: 107%; font-family: Raleway; mso-fareast-font-family: Calibri; mso-fareast-theme-font: minor-latin; mso-bidi-font-family: 'Times New Roman'; mso-bidi-theme-font: minor-bidi; mso-ansi-language: DA; mso-fareast-language: EN-US; mso-bidi-language: AR-SA;\">Vi s\u00e4ljer alla reservdelar och tillbeh\u00f6r och \u00e4r ALLTID redo med svar om du som kund har fr\u00e5gor eller beh\u00f6ver v\u00e4gledning.<\/span><\/p><p><span style=\"font-size: 13.0pt; line-height: 107%; font-family: Raleway;\">Den 1 januari 2018 v\u00e4xte Isoleringsmaskinen ApS snabbt och blev Isoleringsmaskinen A\/S. I samband med detta har fler medarbetare anst\u00e4llts, redo att betj\u00e4na v\u00e5ra m\u00e5nga kunder.\u00a0<\/span><\/p><p><span style=\"font-family: Raleway; font-size: 13pt; background-color: var( --e-global-color-28d7cc8 );\">Isoleringsmaskinen A\/S \u00e4gs idag av Lars Christiansen och Per Funch<\/span><\/p>\t\t\t\t\t\t<\/div>\n\t\t\t\t<\/div>\n\t\t\t\t\t<\/div>\n\t\t<\/div>\n\t\t\t\t<div class=\"elementor-column elementor-col-33 elementor-inner-column elementor-element elementor-element-5403c3a\" data-id=\"5403c3a\" data-element_type=\"column\">\n\t\t\t<div class=\"elementor-widget-wrap elementor-element-populated\">\n\t\t\t\t\t\t\t\t<div class=\"elementor-element elementor-element-c8f1da0 elementor-widget elementor-widget-image\" data-id=\"c8f1da0\" data-element_type=\"widget\" data-widget_type=\"image.default\">\n\t\t\t\t<div class=\"elementor-widget-container\">\n\t\t\t\t\t\t\t\t\t\t\t\t\t\t\t<img decoding=\"async\" width=\"800\" height=\"896\" src=\"https:\/\/isoleringsmaskinen.dk\/wp-content\/uploads\/2021\/05\/DSC6346_1-914x1024.jpg\" class=\"attachment-large size-large wp-image-246\" alt=\"Din p\u00e5lidelige danske producent af isoleringsmaskiner fremstillet til professionelle i alle brancher\" srcset=\"https:\/\/isoleringsmaskinen.dk\/wp-content\/uploads\/2021\/05\/DSC6346_1-914x1024.jpg 914w, https:\/\/isoleringsmaskinen.dk\/wp-content\/uploads\/2021\/05\/DSC6346_1-600x672.jpg 600w, https:\/\/isoleringsmaskinen.dk\/wp-content\/uploads\/2021\/05\/DSC6346_1-268x300.jpg 268w, https:\/\/isoleringsmaskinen.dk\/wp-content\/uploads\/2021\/05\/DSC6346_1-768x860.jpg 768w, https:\/\/isoleringsmaskinen.dk\/wp-content\/uploads\/2021\/05\/DSC6346_1-1371x1536.jpg 1371w, https:\/\/isoleringsmaskinen.dk\/wp-content\/uploads\/2021\/05\/DSC6346_1.jpg 1490w\" sizes=\"(max-width: 800px) 100vw, 800px\" \/>\t\t\t\t\t\t\t\t\t\t\t\t\t\t\t<\/div>\n\t\t\t\t<\/div>\n\t\t\t\t<div class=\"elementor-element elementor-element-36471f4 elementor-widget elementor-widget-text-editor\" data-id=\"36471f4\" data-element_type=\"widget\" data-widget_type=\"text-editor.default\">\n\t\t\t\t<div class=\"elementor-widget-container\">\n\t\t\t\t\t\t\t<h4><strong>Har du en fr\u00e5ga om isoleringsmaskinen?<\/strong><\/h4><p>Vi vill g\u00e4rna hj\u00e4lpa dig med r\u00e5d och v\u00e4gledning f\u00f6r att hitta r\u00e4tt maskin f\u00f6r dig.<\/p>\t\t\t\t\t\t<\/div>\n\t\t\t\t<\/div>\n\t\t\t\t<div class=\"elementor-element elementor-element-79fb1dc elementor-widget elementor-widget-button\" data-id=\"79fb1dc\" data-element_type=\"widget\" data-widget_type=\"button.default\">\n\t\t\t\t<div class=\"elementor-widget-container\">\n\t\t\t\t\t<div class=\"elementor-button-wrapper\">\n\t\t\t<a class=\"elementor-button elementor-button-link elementor-size-sm\" href=\"https:\/\/isoleringsmaskinen.dk\/se\/kontakt\/\">\n\t\t\t\t\t\t<span class=\"elementor-button-content-wrapper\">\n\t\t\t\t\t\t<span class=\"elementor-button-text\">Kontakta oss<\/span>\n\t\t<\/span>\n\t\t\t\t\t<\/a>\n\t\t<\/div>\n\t\t\t\t<\/div>\n\t\t\t\t<\/div>\n\t\t\t\t\t<\/div>\n\t\t<\/div>\n\t\t\t\t\t\t\t<\/div>\n\t\t<\/section>\n\t\t\t\t\t<\/div>\n\t\t<\/div>\n\t\t\t\t\t\t\t<\/div>\n\t\t<\/section>\n\t\t\t\t<section class=\"elementor-section elementor-top-section elementor-element elementor-element-60dc516 elementor-section-boxed elementor-section-height-default elementor-section-height-default\" data-id=\"60dc516\" data-element_type=\"section\" data-settings=\"{&quot;background_background&quot;:&quot;classic&quot;}\">\n\t\t\t\t\t\t<div class=\"elementor-container elementor-column-gap-default\">\n\t\t\t\t\t<div class=\"elementor-column elementor-col-100 elementor-top-column elementor-element elementor-element-f674d69\" data-id=\"f674d69\" data-element_type=\"column\">\n\t\t\t<div class=\"elementor-widget-wrap elementor-element-populated\">\n\t\t\t\t\t\t\t\t<div class=\"elementor-element elementor-element-4f93c95 elementor-widget elementor-widget-html\" data-id=\"4f93c95\" data-element_type=\"widget\" data-widget_type=\"html.default\">\n\t\t\t\t<div class=\"elementor-widget-container\">\n\t\t\t<script type=\"application\/ld+json\">\r\n{\r\n  \"@context\": \"https:\/\/schema.org\/\",\r\n  \"@type\": \"Person\",\r\n  \"name\": \"Lars Christiansen\",\r\n  \"url\": \"https:\/\/www.linkedin.com\/in\/larschristiansen1\/\",\r\n  \"image\": \"https:\/\/media.licdn.com\/dms\/image\/C5603AQFEtim2Dmegog\/profile-displayphoto-shrink_200_200\/0\/1517817705079?e=1700092800&v=beta&t=2kxGu1bj4oEBHd5kMgksTWbM8bGs6PVoxI_96867I6A\",\r\n  \"sameAs\": [\r\n    \"https:\/\/www.sn.dk\/soroe-kommune\/nyt-selskab-giver-nye-forretningsmuligheder\/\",\r\n    \"https:\/\/www.paqle.no\/p\/lars-hans-christiansen\/1085836\"\r\n  ],\r\n  \"jobTitle\": \"CEO\",\r\n  \"worksFor\": {\r\n    \"@type\": \"Organization\",\r\n    \"name\": \"Isoleringsmaskinen.dk\"\r\n  }  \r\n}\r\n<\/script>\r\n<script type=\"application\/ld+json\">\r\n{\r\n  \"@context\": \"https:\/\/schema.org\/\",\r\n  \"@type\": \"Person\",\r\n  \"name\": \"Per Funch\",\r\n  \"url\": \"https:\/\/www.linkedin.com\/in\/per-funch-2827342\/\",\r\n  \"image\": \"https:\/\/lasso.dk\/api\/entity\/CVR-3-4000014849\/images\/resume.png\",\r\n  \"sameAs\": \"https:\/\/ownr.dk\/users\/public-profile\/4000014849\",\r\n  \"jobTitle\": \"Director of sales & export\",\r\n  \"worksFor\": {\r\n    \"@type\": \"Organization\",\r\n    \"name\": \"Isoleringsmaskinen.dk\"\r\n  }  \r\n}\r\n<\/script>\r\n<script type=\"application\/ld+json\">\r\n{\r\n  \"@context\": \"https:\/\/schema.org\",\r\n  \"@type\": \"Organization\",\r\n  \"name\": \"Isoleringsmaskinen A\/S\",\r\n  \"alternateName\": \"Isoleringsmaskinen.dk\",\r\n  \"url\": \"https:\/\/isoleringsmaskinen.dk\/\",\r\n  \"logo\": \"https:\/\/isoleringsmaskinen.dk\/wp-content\/uploads\/2021\/03\/LogoTrans-1024x290.png\",\r\n  \"sameAs\": [\r\n    \"https:\/\/www.facebook.com\/isopro1maskiner\",\r\n    \"https:\/\/www.instagram.com\/isoleringsmaskinen.dk\/\",\r\n    \"https:\/\/www.youtube.com\/@isoleringsmaskinenisopro6451\",\r\n    \"https:\/\/www.linkedin.com\/company\/isoleringsmaskinenaps\/\"\r\n  ]\r\n}\r\n<\/script>\t\t<\/div>\n\t\t\t\t<\/div>\n\t\t\t\t\t<\/div>\n\t\t<\/div>\n\t\t\t\t\t\t\t<\/div>\n\t\t<\/section>\n\t\t\t\t\t\t\t<\/div>","protected":false},"excerpt":{"rendered":"<p>Om os &#8211; Isoleringsmaskinen A\/S S\u00e5dan skabes nogle af verdens mest effektive isoleringsmaskiner I 2012 blev Isoleringsmaskinen ApS stiftet af far og s\u00f8n; Lars og Tommy Christiansen. Virksomheden startede med at importere og s\u00e6lge professionelt isoleringsudstyr\u00a0til danske h\u00e5ndv\u00e6rkere. Markedet skulle dog vise sig at have et stort behov for isoleringsmaskiner. Da eftersp\u00f8rgslen p\u00e5 st\u00e6rkere og [&hellip;]<\/p>","protected":false},"author":1,"featured_media":0,"parent":0,"menu_order":0,"comment_status":"closed","ping_status":"closed","template":"","meta":{"footnotes":""},"class_list":["post-240","page","type-page","status-publish","hentry"],"_links":{"self":[{"href":"https:\/\/isoleringsmaskinen.dk\/se\/wp-json\/wp\/v2\/pages\/240","targetHints":{"allow":["GET"]}}],"collection":[{"href":"https:\/\/isoleringsmaskinen.dk\/se\/wp-json\/wp\/v2\/pages"}],"about":[{"href":"https:\/\/isoleringsmaskinen.dk\/se\/wp-json\/wp\/v2\/types\/page"}],"author":[{"embeddable":true,"href":"https:\/\/isoleringsmaskinen.dk\/se\/wp-json\/wp\/v2\/users\/1"}],"replies":[{"embeddable":true,"href":"https:\/\/isoleringsmaskinen.dk\/se\/wp-json\/wp\/v2\/comments?post=240"}],"version-history":[{"count":155,"href":"https:\/\/isoleringsmaskinen.dk\/se\/wp-json\/wp\/v2\/pages\/240\/revisions"}],"predecessor-version":[{"id":5270,"href":"https:\/\/isoleringsmaskinen.dk\/se\/wp-json\/wp\/v2\/pages\/240\/revisions\/5270"}],"wp:attachment":[{"href":"https:\/\/isoleringsmaskinen.dk\/se\/wp-json\/wp\/v2\/media?parent=240"}],"curies":[{"name":"wp","href":"https:\/\/api.w.org\/{rel}","templated":true}]}}